{"id":3600,"date":"2015-02-16T16:57:24","date_gmt":"2015-02-16T16:57:24","guid":{"rendered":"https:\/\/www.museudeltabac.com\/?page_id=3600"},"modified":"2020-09-17T11:47:51","modified_gmt":"2020-09-17T11:47:51","slug":"enllacos-dinteres","status":"publish","type":"page","link":"https:\/\/museufabricareig.com\/?page_id=3600","title":{"rendered":"Enlla\u00e7os d&#8217;inter\u00e8s"},"content":{"rendered":"<p><a title=\"ICOM Andorra\" href=\"http:\/\/www.icomandorra.ad\/\" target=\"_blank\" rel=\"noopener noreferrer\">ICOM Andorra<\/a><\/p>\n<p><a title=\"Museus i monuments d'Andorra\" href=\"http:\/\/www.cultura.ad\/per-visitar\/museus\" target=\"_blank\" rel=\"noopener noreferrer\">Museus i Monuments d&#8217;Andorra<\/a><\/p>\n<p><a title=\"Ministeri de Turisme d'Andorra\" href=\"http:\/\/www.turisme.ad\/\" target=\"_blank\" rel=\"noopener noreferrer\">Ministeri de Turisme d&#8217;Andorra<\/a><\/p>\n<p><a title=\"Departament de Turisme de Sant Juli\u00e0 de L\u00f2ria\" href=\"http:\/\/www.santjulia.ad\/\" target=\"_blank\" rel=\"noopener noreferrer\">Departament de Turisme de Sant Juli\u00e0 de L\u00f2ria<\/a><\/p>\n<p><a title=\"Andorra Guia de Turisme\" href=\"http:\/\/www.turisandorra.com\/\" target=\"_blank\" rel=\"noopener noreferrer\">Andorra Guia de Turisme<\/a><\/p>\n<p><a title=\"Fundaci\u00f3 Juli\u00e0 Reig\" href=\"http:\/\/www.fundaciojuliareig.ad\/\" target=\"_blank\" rel=\"noopener noreferrer\">Fundaci\u00f3 Juli\u00e0 Reig<\/a><\/p>\n<p><a title=\"Museu do Tabaco\" href=\"http:\/\/visitandorra.com\/pt\/winter\/locais-e-servicos\/museu-do-tabaco\/\" target=\"_blank\" rel=\"noopener noreferrer\">Museu do Tabaco<\/a><\/p>\n<p><a title=\"Museu del Tabac\" href=\"http:\/\/visitandorra.com\/ru\/winter\/mesta-i-uslugi\/muzej-tabaka\" target=\"_blank\" rel=\"noopener noreferrer\">\u041c\u0443\u0437\u0435\u0439 \u0442\u0430\u0431\u0430\u043a\u0430<\/a><\/p>\n<p><a title=\"Tripadvisor\" href=\"http:\/\/www.tripadvisor.es\/ShowUserReviews-g2385375-d2385106-r233017061-Tobacco_Museum-Sant_Julia_de_Loria_Sant_Julia_de_Loria_Parish.html#REVIEWS\" target=\"_blank\" rel=\"noopener noreferrer\">Tripadvisor<\/a><\/p>\n<p><a title=\"Petit Fut\u00e9\" href=\"http:\/\/www.petitfute.com\/v53289-sant-julia-de-loria\/c1173-visites-points-d-interet\/c958-musee\/290667-musee-du-tabac.html\" target=\"_blank\" rel=\"noopener noreferrer\">Petit Fut\u00e9<\/a><\/p>\n<p><a title=\"P\u00e0nxing\" href=\"http:\/\/www.petitfute.com\/v53289-sant-julia-de-loria\/c1173-visites-points-d-interet\/c958-musee\/290667-musee-du-tabac.html\" target=\"_blank\" rel=\"noopener noreferrer\">P\u00e0nxing<\/a><\/p>\n<p><a title=\"Carnet Jove\" href=\"http:\/\/www.carnetjove.ad\/archives\/5725\" target=\"_blank\" rel=\"noopener noreferrer\">Carnet Jove<\/a><\/p>\n<p><a title=\"Club Piolet\" href=\"https:\/\/www.clubpiolet.ad\/files\/downloads\/Guia-Club-Piolet-2014.pdf\" target=\"_blank\" rel=\"noopener noreferrer\">Club Piolet<\/a><\/p>\n<p><a title=\"J\u00falia Perfumeries\" href=\"http:\/\/www.ad-julia.com\/cat\/index.php?sc=211&amp;id=95\" target=\"_blank\" rel=\"noopener noreferrer\">J\u00falia Perfumeries<\/a><\/p>\n<p><a href=\"https:\/\/www.xatic.cat\/\">Xarxa de turisme industrial<\/a><\/p>\n","protected":false},"excerpt":{"rendered":"<p>ICOM Andorra Museus i Monuments d&#8217;Andorra Ministeri de Turisme d&#8217;Andorra Departament de Turisme de Sant Juli\u00e0 de L\u00f2ria Andorra Guia&#8230;  <a href=\"https:\/\/museufabricareig.com\/?page_id=3600\" class=\"more-link\" title=\"Veure Enlla\u00e7os d&#8217;inter\u00e8s\">Veure m\u00e9s &raquo;<\/a><\/p>\n","protected":false},"author":3,"featured_media":0,"parent":0,"menu_order":0,"comment_status":"closed","ping_status":"open","template":"","meta":{"footnotes":""},"class_list":["post-3600","page","type-page","status-publish","hentry"],"yoast_head":"<!-- This site is optimized with the Yoast SEO plugin v27.5 - https:\/\/yoast.com\/product\/yoast-seo-wordpress\/ -->\n<title>Enlla\u00e7os d&#039;inter\u00e8s - Museu F\u00e0brica Reig<\/title>\n<meta name=\"robots\" content=\"index, follow, max-snippet:-1, max-image-preview:large, max-video-preview:-1\" \/>\n<link rel=\"canonical\" href=\"https:\/\/museufabricareig.com\/?page_id=3600\" \/>\n<meta property=\"og:locale\" content=\"ca_ES\" \/>\n<meta property=\"og:type\" content=\"article\" \/>\n<meta property=\"og:title\" content=\"Enlla\u00e7os d&#039;inter\u00e8s - Museu F\u00e0brica Reig\" \/>\n<meta property=\"og:description\" content=\"ICOM Andorra Museus i Monuments d&#8217;Andorra Ministeri de Turisme d&#8217;Andorra Departament de Turisme de Sant Juli\u00e0 de L\u00f2ria Andorra Guia... Veure m\u00e9s &raquo;\" \/>\n<meta property=\"og:url\" content=\"https:\/\/museufabricareig.com\/?page_id=3600\" \/>\n<meta property=\"og:site_name\" content=\"Museu F\u00e0brica Reig\" \/>\n<meta property=\"article:publisher\" content=\"https:\/\/www.facebook.com\/pages\/Museu-del-Tabac-Antiga-F%c3%a0brica-Reig\/108177865897882\" \/>\n<meta property=\"article:modified_time\" content=\"2020-09-17T11:47:51+00:00\" \/>\n<script type=\"application\/ld+json\" class=\"yoast-schema-graph\">{\"@context\":\"https:\\\/\\\/schema.org\",\"@graph\":[{\"@type\":\"WebPage\",\"@id\":\"https:\\\/\\\/museufabricareig.com\\\/?page_id=3600\",\"url\":\"https:\\\/\\\/museufabricareig.com\\\/?page_id=3600\",\"name\":\"Enlla\u00e7os d'inter\u00e8s - Museu F\u00e0brica Reig\",\"isPartOf\":{\"@id\":\"https:\\\/\\\/museufabricareig.com\\\/#website\"},\"datePublished\":\"2015-02-16T16:57:24+00:00\",\"dateModified\":\"2020-09-17T11:47:51+00:00\",\"breadcrumb\":{\"@id\":\"https:\\\/\\\/museufabricareig.com\\\/?page_id=3600#breadcrumb\"},\"inLanguage\":\"ca\",\"potentialAction\":[{\"@type\":\"ReadAction\",\"target\":[\"https:\\\/\\\/museufabricareig.com\\\/?page_id=3600\"]}]},{\"@type\":\"BreadcrumbList\",\"@id\":\"https:\\\/\\\/museufabricareig.com\\\/?page_id=3600#breadcrumb\",\"itemListElement\":[{\"@type\":\"ListItem\",\"position\":1,\"name\":\"Home\",\"item\":\"https:\\\/\\\/museufabricareig.com\\\/\"},{\"@type\":\"ListItem\",\"position\":2,\"name\":\"Enlla\u00e7os d&#8217;inter\u00e8s\"}]},{\"@type\":\"WebSite\",\"@id\":\"https:\\\/\\\/museufabricareig.com\\\/#website\",\"url\":\"https:\\\/\\\/museufabricareig.com\\\/\",\"name\":\"Museu F\u00e0brica Reig\",\"description\":\"Altre lloc gestionat amb el WordPress\",\"potentialAction\":[{\"@type\":\"SearchAction\",\"target\":{\"@type\":\"EntryPoint\",\"urlTemplate\":\"https:\\\/\\\/museufabricareig.com\\\/?s={search_term_string}\"},\"query-input\":{\"@type\":\"PropertyValueSpecification\",\"valueRequired\":true,\"valueName\":\"search_term_string\"}}],\"inLanguage\":\"ca\"}]}<\/script>\n<!-- \/ Yoast SEO plugin. -->","yoast_head_json":{"title":"Enlla\u00e7os d'inter\u00e8s - Museu F\u00e0brica Reig","robots":{"index":"index","follow":"follow","max-snippet":"max-snippet:-1","max-image-preview":"max-image-preview:large","max-video-preview":"max-video-preview:-1"},"canonical":"https:\/\/museufabricareig.com\/?page_id=3600","og_locale":"ca_ES","og_type":"article","og_title":"Enlla\u00e7os d'inter\u00e8s - Museu F\u00e0brica Reig","og_description":"ICOM Andorra Museus i Monuments d&#8217;Andorra Ministeri de Turisme d&#8217;Andorra Departament de Turisme de Sant Juli\u00e0 de L\u00f2ria Andorra Guia... Veure m\u00e9s &raquo;","og_url":"https:\/\/museufabricareig.com\/?page_id=3600","og_site_name":"Museu F\u00e0brica Reig","article_publisher":"https:\/\/www.facebook.com\/pages\/Museu-del-Tabac-Antiga-F%c3%a0brica-Reig\/108177865897882","article_modified_time":"2020-09-17T11:47:51+00:00","schema":{"@context":"https:\/\/schema.org","@graph":[{"@type":"WebPage","@id":"https:\/\/museufabricareig.com\/?page_id=3600","url":"https:\/\/museufabricareig.com\/?page_id=3600","name":"Enlla\u00e7os d'inter\u00e8s - Museu F\u00e0brica Reig","isPartOf":{"@id":"https:\/\/museufabricareig.com\/#website"},"datePublished":"2015-02-16T16:57:24+00:00","dateModified":"2020-09-17T11:47:51+00:00","breadcrumb":{"@id":"https:\/\/museufabricareig.com\/?page_id=3600#breadcrumb"},"inLanguage":"ca","potentialAction":[{"@type":"ReadAction","target":["https:\/\/museufabricareig.com\/?page_id=3600"]}]},{"@type":"BreadcrumbList","@id":"https:\/\/museufabricareig.com\/?page_id=3600#breadcrumb","itemListElement":[{"@type":"ListItem","position":1,"name":"Home","item":"https:\/\/museufabricareig.com\/"},{"@type":"ListItem","position":2,"name":"Enlla\u00e7os d&#8217;inter\u00e8s"}]},{"@type":"WebSite","@id":"https:\/\/museufabricareig.com\/#website","url":"https:\/\/museufabricareig.com\/","name":"Museu F\u00e0brica Reig","description":"Altre lloc gestionat amb el WordPress","potentialAction":[{"@type":"SearchAction","target":{"@type":"EntryPoint","urlTemplate":"https:\/\/museufabricareig.com\/?s={search_term_string}"},"query-input":{"@type":"PropertyValueSpecification","valueRequired":true,"valueName":"search_term_string"}}],"inLanguage":"ca"}]}},"_links":{"self":[{"href":"https:\/\/museufabricareig.com\/index.php?rest_route=\/wp\/v2\/pages\/3600","targetHints":{"allow":["GET"]}}],"collection":[{"href":"https:\/\/museufabricareig.com\/index.php?rest_route=\/wp\/v2\/pages"}],"about":[{"href":"https:\/\/museufabricareig.com\/index.php?rest_route=\/wp\/v2\/types\/page"}],"author":[{"embeddable":true,"href":"https:\/\/museufabricareig.com\/index.php?rest_route=\/wp\/v2\/users\/3"}],"replies":[{"embeddable":true,"href":"https:\/\/museufabricareig.com\/index.php?rest_route=%2Fwp%2Fv2%2Fcomments&post=3600"}],"version-history":[{"count":3,"href":"https:\/\/museufabricareig.com\/index.php?rest_route=\/wp\/v2\/pages\/3600\/revisions"}],"predecessor-version":[{"id":5312,"href":"https:\/\/museufabricareig.com\/index.php?rest_route=\/wp\/v2\/pages\/3600\/revisions\/5312"}],"wp:attachment":[{"href":"https:\/\/museufabricareig.com\/index.php?rest_route=%2Fwp%2Fv2%2Fmedia&parent=3600"}],"curies":[{"name":"wp","href":"https:\/\/api.w.org\/{rel}","templated":true}]}}