{"id":3928,"date":"2014-12-10T19:42:00","date_gmt":"2014-12-10T19:42:00","guid":{"rendered":"https:\/\/www.museudeltabac.com\/pagina-exemple-2\/"},"modified":"2021-03-11T15:16:49","modified_gmt":"2021-03-11T15:16:49","slug":"accueil","status":"publish","type":"page","link":"https:\/\/museufabricareig.com\/?lang=fr","title":{"rendered":"Accueil"},"content":{"rendered":"<p>\u00c9difice embl\u00e9matique datant du d\u00e9but du XXe si\u00e8cle, le Mus\u00e9e occupe l\u2019ancienne fabrique de tabac Reig de Sant Juli\u00e0 de L\u00f2ria qui demeura en activit\u00e9 de 1909 \u00e0 1957. Guid\u00e9 par un syst\u00e8me multim\u00e9dia, le visiteur r\u00e9alise un parcours \u00e0 travers la fabrique, au cours duquel lui sont expliqu\u00e9s les diff\u00e9rents proc\u00e9d\u00e9s du travail du tabac, la manufacture des produits et leur commercialisation. Le Mus\u00e9e Fabrique Reig est une initiative de la <a title=\"Fundaci\u00f3 Juli\u00e0 Reig\" href=\"http:\/\/www.fundaciojuliareig.ad\/\" target=\"_blank\" rel=\"noopener\">Fundaci\u00f3 Juli\u00e0 Reig<\/a>.<\/p>\n","protected":false},"excerpt":{"rendered":"<p>\u00c9difice embl\u00e9matique datant du d\u00e9but du XXe si\u00e8cle, le Mus\u00e9e occupe l\u2019ancienne fabrique de tabac Reig de Sant Juli\u00e0 de&#8230;  <a href=\"https:\/\/museufabricareig.com\/?lang=fr\" class=\"more-link\" title=\"Veure Accueil\">Voir plus &raquo;<\/a><\/p>\n","protected":false},"author":3,"featured_media":0,"parent":0,"menu_order":0,"comment_status":"closed","ping_status":"closed","template":"page-homepage.php","meta":{"footnotes":""},"class_list":["post-3928","page","type-page","status-publish","hentry"],"yoast_head":"<!-- This site is optimized with the Yoast SEO plugin v27.5 - https:\/\/yoast.com\/product\/yoast-seo-wordpress\/ -->\n<title>Accueil - Museu F\u00e0brica Reig<\/title>\n<meta name=\"robots\" content=\"index, follow, max-snippet:-1, max-image-preview:large, max-video-preview:-1\" \/>\n<link rel=\"canonical\" href=\"https:\/\/museufabricareig.com\/?lang=fr\" \/>\n<meta property=\"og:locale\" content=\"fr_FR\" \/>\n<meta property=\"og:type\" content=\"article\" \/>\n<meta property=\"og:title\" content=\"Accueil - Museu F\u00e0brica Reig\" \/>\n<meta property=\"og:description\" content=\"\u00c9difice embl\u00e9matique datant du d\u00e9but du XXe si\u00e8cle, le Mus\u00e9e occupe l\u2019ancienne fabrique de tabac Reig de Sant Juli\u00e0 de... Voir plus &raquo;\" \/>\n<meta property=\"og:url\" content=\"https:\/\/museufabricareig.com\/?lang=fr\" \/>\n<meta property=\"og:site_name\" content=\"Museu F\u00e0brica Reig\" \/>\n<meta property=\"article:publisher\" content=\"https:\/\/www.facebook.com\/pages\/Museu-del-Tabac-Antiga-F%c3%a0brica-Reig\/108177865897882\" \/>\n<meta property=\"article:modified_time\" content=\"2021-03-11T15:16:49+00:00\" \/>\n<meta name=\"twitter:label1\" content=\"Est. reading time\" \/>\n\t<meta name=\"twitter:data1\" content=\"1 minute\" \/>\n<script type=\"application\/ld+json\" class=\"yoast-schema-graph\">{\"@context\":\"https:\\\/\\\/schema.org\",\"@graph\":[{\"@type\":\"WebPage\",\"@id\":\"https:\\\/\\\/museufabricareig.com\\\/?lang=fr\",\"url\":\"https:\\\/\\\/museufabricareig.com\\\/?lang=fr\",\"name\":\"Accueil - Museu F\u00e0brica Reig\",\"isPartOf\":{\"@id\":\"https:\\\/\\\/museufabricareig.com\\\/#website\"},\"datePublished\":\"2014-12-10T19:42:00+00:00\",\"dateModified\":\"2021-03-11T15:16:49+00:00\",\"breadcrumb\":{\"@id\":\"https:\\\/\\\/museufabricareig.com\\\/?lang=fr#breadcrumb\"},\"inLanguage\":\"fr-FR\",\"potentialAction\":[{\"@type\":\"ReadAction\",\"target\":[\"https:\\\/\\\/museufabricareig.com\\\/?lang=fr\"]}]},{\"@type\":\"BreadcrumbList\",\"@id\":\"https:\\\/\\\/museufabricareig.com\\\/?lang=fr#breadcrumb\",\"itemListElement\":[{\"@type\":\"ListItem\",\"position\":1,\"name\":\"Home\",\"item\":\"https:\\\/\\\/museufabricareig.com\\\/?lang=fr\"},{\"@type\":\"ListItem\",\"position\":2,\"name\":\"Accueil\"}]},{\"@type\":\"WebSite\",\"@id\":\"https:\\\/\\\/museufabricareig.com\\\/#website\",\"url\":\"https:\\\/\\\/museufabricareig.com\\\/\",\"name\":\"Museu F\u00e0brica Reig\",\"description\":\"Altre lloc gestionat amb el WordPress\",\"potentialAction\":[{\"@type\":\"SearchAction\",\"target\":{\"@type\":\"EntryPoint\",\"urlTemplate\":\"https:\\\/\\\/museufabricareig.com\\\/?s={search_term_string}\"},\"query-input\":{\"@type\":\"PropertyValueSpecification\",\"valueRequired\":true,\"valueName\":\"search_term_string\"}}],\"inLanguage\":\"fr-FR\"}]}<\/script>\n<!-- \/ Yoast SEO plugin. -->","yoast_head_json":{"title":"Accueil - Museu F\u00e0brica Reig","robots":{"index":"index","follow":"follow","max-snippet":"max-snippet:-1","max-image-preview":"max-image-preview:large","max-video-preview":"max-video-preview:-1"},"canonical":"https:\/\/museufabricareig.com\/?lang=fr","og_locale":"fr_FR","og_type":"article","og_title":"Accueil - Museu F\u00e0brica Reig","og_description":"\u00c9difice embl\u00e9matique datant du d\u00e9but du XXe si\u00e8cle, le Mus\u00e9e occupe l\u2019ancienne fabrique de tabac Reig de Sant Juli\u00e0 de... Voir plus &raquo;","og_url":"https:\/\/museufabricareig.com\/?lang=fr","og_site_name":"Museu F\u00e0brica Reig","article_publisher":"https:\/\/www.facebook.com\/pages\/Museu-del-Tabac-Antiga-F%c3%a0brica-Reig\/108177865897882","article_modified_time":"2021-03-11T15:16:49+00:00","twitter_misc":{"Est. reading time":"1 minute"},"schema":{"@context":"https:\/\/schema.org","@graph":[{"@type":"WebPage","@id":"https:\/\/museufabricareig.com\/?lang=fr","url":"https:\/\/museufabricareig.com\/?lang=fr","name":"Accueil - Museu F\u00e0brica Reig","isPartOf":{"@id":"https:\/\/museufabricareig.com\/#website"},"datePublished":"2014-12-10T19:42:00+00:00","dateModified":"2021-03-11T15:16:49+00:00","breadcrumb":{"@id":"https:\/\/museufabricareig.com\/?lang=fr#breadcrumb"},"inLanguage":"fr-FR","potentialAction":[{"@type":"ReadAction","target":["https:\/\/museufabricareig.com\/?lang=fr"]}]},{"@type":"BreadcrumbList","@id":"https:\/\/museufabricareig.com\/?lang=fr#breadcrumb","itemListElement":[{"@type":"ListItem","position":1,"name":"Home","item":"https:\/\/museufabricareig.com\/?lang=fr"},{"@type":"ListItem","position":2,"name":"Accueil"}]},{"@type":"WebSite","@id":"https:\/\/museufabricareig.com\/#website","url":"https:\/\/museufabricareig.com\/","name":"Museu F\u00e0brica Reig","description":"Altre lloc gestionat amb el WordPress","potentialAction":[{"@type":"SearchAction","target":{"@type":"EntryPoint","urlTemplate":"https:\/\/museufabricareig.com\/?s={search_term_string}"},"query-input":{"@type":"PropertyValueSpecification","valueRequired":true,"valueName":"search_term_string"}}],"inLanguage":"fr-FR"}]}},"_links":{"self":[{"href":"https:\/\/museufabricareig.com\/index.php?rest_route=%2Fwp%2Fv2%2Fpages%2F3928&lang=fr","targetHints":{"allow":["GET"]}}],"collection":[{"href":"https:\/\/museufabricareig.com\/index.php?rest_route=%2Fwp%2Fv2%2Fpages&lang=fr"}],"about":[{"href":"https:\/\/museufabricareig.com\/index.php?rest_route=%2Fwp%2Fv2%2Ftypes%2Fpage&lang=fr"}],"author":[{"embeddable":true,"href":"https:\/\/museufabricareig.com\/index.php?rest_route=%2Fwp%2Fv2%2Fusers%2F3&lang=fr"}],"replies":[{"embeddable":true,"href":"https:\/\/museufabricareig.com\/index.php?rest_route=%2Fwp%2Fv2%2Fcomments&lang=fr&post=3928"}],"version-history":[{"count":3,"href":"https:\/\/museufabricareig.com\/index.php?rest_route=%2Fwp%2Fv2%2Fpages%2F3928%2Frevisions&lang=fr"}],"predecessor-version":[{"id":5451,"href":"https:\/\/museufabricareig.com\/index.php?rest_route=%2Fwp%2Fv2%2Fpages%2F3928%2Frevisions%2F5451&lang=fr"}],"wp:attachment":[{"href":"https:\/\/museufabricareig.com\/index.php?rest_route=%2Fwp%2Fv2%2Fmedia&lang=fr&parent=3928"}],"curies":[{"name":"wp","href":"https:\/\/api.w.org\/{rel}","templated":true}]}}