{"id":3929,"date":"2014-12-10T19:42:00","date_gmt":"2014-12-10T19:42:00","guid":{"rendered":"https:\/\/www.museudeltabac.com\/pagina-exemple-2\/"},"modified":"2021-03-11T14:56:51","modified_gmt":"2021-03-11T14:56:51","slug":"pagina-exemple","status":"publish","type":"page","link":"https:\/\/museufabricareig.com\/?lang=es","title":{"rendered":"Inici"},"content":{"rendered":"<p>El Museo F\u00e1brica Reig de Andorra es un edificio emblem\u00e1tico de principios del siglo XX donde se encontraba la antigua f\u00e1brica de tabacos Reig de Sant Juli\u00e0 de L\u00f2ria que funcion\u00f3 desde 1909 hasta 1957.<\/p>\n<p>A trav\u00e9s de un sistema multimedia, el visitante es guiado por un recorrido de la f\u00e1brica en el que se explican los diferentes procesos de trabajo con el tabaco, la manufactura de los productos y su comercializaci\u00f3n. El Museo F\u00e0brica Reig es una iniciativa de la <a title=\"Fundaci\u00f3 Juli\u00e0 Reig\" href=\"http:\/\/www.fundaciojuliareig.ad\/\" target=\"_blank\" rel=\"noopener\">Fundaci\u00f3 Juli\u00e0 Reig<\/a>.<\/p>\n","protected":false},"excerpt":{"rendered":"<p>El Museo F\u00e1brica Reig de Andorra es un edificio emblem\u00e1tico de principios del siglo XX donde se encontraba la antigua&#8230;  <a href=\"https:\/\/museufabricareig.com\/?lang=es\" class=\"more-link\" title=\"Veure Inici\">Ver m\u00e1s &raquo;<\/a><\/p>\n","protected":false},"author":3,"featured_media":0,"parent":0,"menu_order":0,"comment_status":"closed","ping_status":"closed","template":"page-homepage.php","meta":{"footnotes":""},"class_list":["post-3929","page","type-page","status-publish","hentry"],"yoast_head":"<!-- This site is optimized with the Yoast SEO plugin v27.5 - https:\/\/yoast.com\/product\/yoast-seo-wordpress\/ -->\n<title>Inici - Museu F\u00e0brica Reig<\/title>\n<meta name=\"robots\" content=\"index, follow, max-snippet:-1, max-image-preview:large, max-video-preview:-1\" \/>\n<link rel=\"canonical\" href=\"https:\/\/museufabricareig.com\/?lang=es\" \/>\n<meta property=\"og:locale\" content=\"es_ES\" \/>\n<meta property=\"og:type\" content=\"article\" \/>\n<meta property=\"og:title\" content=\"Inici - Museu F\u00e0brica Reig\" \/>\n<meta property=\"og:description\" content=\"El Museo F\u00e1brica Reig de Andorra es un edificio emblem\u00e1tico de principios del siglo XX donde se encontraba la antigua... Ver m\u00e1s &raquo;\" \/>\n<meta property=\"og:url\" content=\"https:\/\/museufabricareig.com\/?lang=es\" \/>\n<meta property=\"og:site_name\" content=\"Museu F\u00e0brica Reig\" \/>\n<meta property=\"article:publisher\" content=\"https:\/\/www.facebook.com\/pages\/Museu-del-Tabac-Antiga-F%c3%a0brica-Reig\/108177865897882\" \/>\n<meta property=\"article:modified_time\" content=\"2021-03-11T14:56:51+00:00\" \/>\n<meta name=\"twitter:label1\" content=\"Tiempo de lectura\" \/>\n\t<meta name=\"twitter:data1\" content=\"1 minuto\" \/>\n<script type=\"application\/ld+json\" class=\"yoast-schema-graph\">{\"@context\":\"https:\\\/\\\/schema.org\",\"@graph\":[{\"@type\":\"WebPage\",\"@id\":\"https:\\\/\\\/museufabricareig.com\\\/?lang=es\",\"url\":\"https:\\\/\\\/museufabricareig.com\\\/?lang=es\",\"name\":\"Inici - Museu F\u00e0brica Reig\",\"isPartOf\":{\"@id\":\"https:\\\/\\\/museufabricareig.com\\\/#website\"},\"datePublished\":\"2014-12-10T19:42:00+00:00\",\"dateModified\":\"2021-03-11T14:56:51+00:00\",\"breadcrumb\":{\"@id\":\"https:\\\/\\\/museufabricareig.com\\\/?lang=es#breadcrumb\"},\"inLanguage\":\"es\",\"potentialAction\":[{\"@type\":\"ReadAction\",\"target\":[\"https:\\\/\\\/museufabricareig.com\\\/?lang=es\"]}]},{\"@type\":\"BreadcrumbList\",\"@id\":\"https:\\\/\\\/museufabricareig.com\\\/?lang=es#breadcrumb\",\"itemListElement\":[{\"@type\":\"ListItem\",\"position\":1,\"name\":\"Home\",\"item\":\"https:\\\/\\\/museufabricareig.com\\\/?lang=es\"},{\"@type\":\"ListItem\",\"position\":2,\"name\":\"Inici\"}]},{\"@type\":\"WebSite\",\"@id\":\"https:\\\/\\\/museufabricareig.com\\\/#website\",\"url\":\"https:\\\/\\\/museufabricareig.com\\\/\",\"name\":\"Museu F\u00e0brica Reig\",\"description\":\"Altre lloc gestionat amb el WordPress\",\"potentialAction\":[{\"@type\":\"SearchAction\",\"target\":{\"@type\":\"EntryPoint\",\"urlTemplate\":\"https:\\\/\\\/museufabricareig.com\\\/?s={search_term_string}\"},\"query-input\":{\"@type\":\"PropertyValueSpecification\",\"valueRequired\":true,\"valueName\":\"search_term_string\"}}],\"inLanguage\":\"es\"}]}<\/script>\n<!-- \/ Yoast SEO plugin. -->","yoast_head_json":{"title":"Inici - Museu F\u00e0brica Reig","robots":{"index":"index","follow":"follow","max-snippet":"max-snippet:-1","max-image-preview":"max-image-preview:large","max-video-preview":"max-video-preview:-1"},"canonical":"https:\/\/museufabricareig.com\/?lang=es","og_locale":"es_ES","og_type":"article","og_title":"Inici - Museu F\u00e0brica Reig","og_description":"El Museo F\u00e1brica Reig de Andorra es un edificio emblem\u00e1tico de principios del siglo XX donde se encontraba la antigua... Ver m\u00e1s &raquo;","og_url":"https:\/\/museufabricareig.com\/?lang=es","og_site_name":"Museu F\u00e0brica Reig","article_publisher":"https:\/\/www.facebook.com\/pages\/Museu-del-Tabac-Antiga-F%c3%a0brica-Reig\/108177865897882","article_modified_time":"2021-03-11T14:56:51+00:00","twitter_misc":{"Tiempo de lectura":"1 minuto"},"schema":{"@context":"https:\/\/schema.org","@graph":[{"@type":"WebPage","@id":"https:\/\/museufabricareig.com\/?lang=es","url":"https:\/\/museufabricareig.com\/?lang=es","name":"Inici - Museu F\u00e0brica Reig","isPartOf":{"@id":"https:\/\/museufabricareig.com\/#website"},"datePublished":"2014-12-10T19:42:00+00:00","dateModified":"2021-03-11T14:56:51+00:00","breadcrumb":{"@id":"https:\/\/museufabricareig.com\/?lang=es#breadcrumb"},"inLanguage":"es","potentialAction":[{"@type":"ReadAction","target":["https:\/\/museufabricareig.com\/?lang=es"]}]},{"@type":"BreadcrumbList","@id":"https:\/\/museufabricareig.com\/?lang=es#breadcrumb","itemListElement":[{"@type":"ListItem","position":1,"name":"Home","item":"https:\/\/museufabricareig.com\/?lang=es"},{"@type":"ListItem","position":2,"name":"Inici"}]},{"@type":"WebSite","@id":"https:\/\/museufabricareig.com\/#website","url":"https:\/\/museufabricareig.com\/","name":"Museu F\u00e0brica Reig","description":"Altre lloc gestionat amb el WordPress","potentialAction":[{"@type":"SearchAction","target":{"@type":"EntryPoint","urlTemplate":"https:\/\/museufabricareig.com\/?s={search_term_string}"},"query-input":{"@type":"PropertyValueSpecification","valueRequired":true,"valueName":"search_term_string"}}],"inLanguage":"es"}]}},"_links":{"self":[{"href":"https:\/\/museufabricareig.com\/index.php?rest_route=%2Fwp%2Fv2%2Fpages%2F3929&lang=es","targetHints":{"allow":["GET"]}}],"collection":[{"href":"https:\/\/museufabricareig.com\/index.php?rest_route=%2Fwp%2Fv2%2Fpages&lang=es"}],"about":[{"href":"https:\/\/museufabricareig.com\/index.php?rest_route=%2Fwp%2Fv2%2Ftypes%2Fpage&lang=es"}],"author":[{"embeddable":true,"href":"https:\/\/museufabricareig.com\/index.php?rest_route=%2Fwp%2Fv2%2Fusers%2F3&lang=es"}],"replies":[{"embeddable":true,"href":"https:\/\/museufabricareig.com\/index.php?rest_route=%2Fwp%2Fv2%2Fcomments&lang=es&post=3929"}],"version-history":[{"count":3,"href":"https:\/\/museufabricareig.com\/index.php?rest_route=%2Fwp%2Fv2%2Fpages%2F3929%2Frevisions&lang=es"}],"predecessor-version":[{"id":5449,"href":"https:\/\/museufabricareig.com\/index.php?rest_route=%2Fwp%2Fv2%2Fpages%2F3929%2Frevisions%2F5449&lang=es"}],"wp:attachment":[{"href":"https:\/\/museufabricareig.com\/index.php?rest_route=%2Fwp%2Fv2%2Fmedia&lang=es&parent=3929"}],"curies":[{"name":"wp","href":"https:\/\/api.w.org\/{rel}","templated":true}]}}